{"id":1422,"date":"2025-05-21T15:15:58","date_gmt":"2025-05-21T13:15:58","guid":{"rendered":"https:\/\/www.itslafoce.org\/?page_id=1422"},"modified":"2025-05-21T15:18:30","modified_gmt":"2025-05-21T13:18:30","slug":"lise-berthaud","status":"publish","type":"page","link":"https:\/\/www.itslafoce.org\/it\/artists\/lise-berthaud\/","title":{"rendered":"Lise Berthaud"},"content":{"rendered":"<div data-elementor-type=\"wp-page\" data-elementor-id=\"1422\" class=\"elementor elementor-1422\" data-elementor-post-type=\"page\">\n\t\t\t\t<div class=\"elementor-element elementor-element-55b3b42 e-flex e-con-boxed e-con e-parent\" data-id=\"55b3b42\" data-element_type=\"container\" data-e-type=\"container\" data-settings=\"{&quot;background_background&quot;:&quot;classic&quot;}\">\n\t\t\t\t\t<div class=\"e-con-inner\">\n\t\t\t\t<div class=\"elementor-element elementor-element-94ec3a1 elementor-invisible elementor-widget elementor-widget-heading\" data-id=\"94ec3a1\" data-element_type=\"widget\" data-e-type=\"widget\" data-settings=\"{&quot;_animation&quot;:&quot;fadeInUp&quot;,&quot;_animation_delay&quot;:100}\" data-widget_type=\"heading.default\">\n\t\t\t\t\t<h2 class=\"elementor-heading-title elementor-size-default\">Lise Berthaud<\/h2>\t\t\t\t<\/div>\n\t\t\t\t\t<\/div>\n\t\t\t\t<\/div>\n\t\t<div class=\"elementor-element elementor-element-e98349b e-flex e-con-boxed e-con e-parent\" data-id=\"e98349b\" data-element_type=\"container\" data-e-type=\"container\">\n\t\t\t\t\t<div class=\"e-con-inner\">\n\t\t<div class=\"elementor-element elementor-element-4457f44 e-con-full e-flex e-con e-child\" data-id=\"4457f44\" data-element_type=\"container\" data-e-type=\"container\">\n\t\t\t\t<div class=\"elementor-element elementor-element-7ca782f elementor-widget elementor-widget-image\" data-id=\"7ca782f\" data-element_type=\"widget\" data-e-type=\"widget\" data-widget_type=\"image.default\">\n\t\t\t\t\t\t\t\t\t\t\t\t\t\t\t<img fetchpriority=\"high\" decoding=\"async\" width=\"600\" height=\"600\" src=\"https:\/\/www.itslafoce.org\/wp-content\/uploads\/2025\/01\/Lise-Berthaud_square.webp\" class=\"attachment-large size-large wp-image-377\" alt=\"Lise Berthaud\" srcset=\"https:\/\/www.itslafoce.org\/wp-content\/uploads\/2025\/01\/Lise-Berthaud_square.webp 600w, https:\/\/www.itslafoce.org\/wp-content\/uploads\/2025\/01\/Lise-Berthaud_square-300x300.webp 300w, https:\/\/www.itslafoce.org\/wp-content\/uploads\/2025\/01\/Lise-Berthaud_square-150x150.webp 150w, https:\/\/www.itslafoce.org\/wp-content\/uploads\/2025\/01\/Lise-Berthaud_square-12x12.webp 12w\" sizes=\"(max-width: 600px) 100vw, 600px\" \/>\t\t\t\t\t\t\t\t\t\t\t\t\t\t\t<\/div>\n\t\t\t\t<\/div>\n\t\t<div class=\"elementor-element elementor-element-fc52b6a e-con-full e-flex e-con e-child\" data-id=\"fc52b6a\" data-element_type=\"container\" data-e-type=\"container\">\n\t\t\t\t<div class=\"elementor-element elementor-element-86baca2 elementor-widget elementor-widget-text-editor\" data-id=\"86baca2\" data-element_type=\"widget\" data-e-type=\"widget\" data-widget_type=\"text-editor.default\">\n\t\t\t\t\t\t\t\t\t<p>Lise Berthaud \u00e8 nata nel 1982 e ha iniziato a studiare il violino all'et\u00e0 di 5 anni. Ha studiato con Pierre-Henry Xuereb e G\u00e9rard Causs\u00e9 presso il Conservatorio Nazionale Superiore di Parigi e ha vinto il premio per i giovani strumentisti europei.<\/p><p>Nel 2005 ha vinto il Premio Hindemith al Concorso Internazionale di Ginevra. \u00c8 stata inserita nella 'short list' dei Victoires de la Musique Classique 2009 come \u201cR\u00e9v\u00e9lation de l'Ann\u00e9e\u201d. Lise Berthaud \u00e8 unanimemente riconosciuta come una figura di spicco nel panorama musicale internazionale. Si \u00e8 esibita in diverse prestigiose sedi concertistiche in tutto il mondo (Th\u00e9\u00e2tre des Champs-Elys\u00e9es, Baden Baden Festspielhaus, Elbphilharmonie, Musikverein, Wigmore Hall, Bridgewater Hall, The Sage Gateshead, Philharmonie de Paris, Moritzburg Festival, Schubertiade di Schwartzenberg, Hohenems, Rencontres Musicales d'Evian Festival International de Colmar...) con artisti del calibro di Renaud Capu\u00e7on, Baiba Skride, Lauma Skride, Harriet Krijgh, Julian Steckel, Daishin Kashimoto, Eric Le Sage, Augustin Dumay, Pierre-Laurent Aimard, Emmanuel Pahud, Gordan Nikollich, Martin Helmchen, Marie-Elisabeth Hecker, Alina Ibragimova, Veronika Eberle, Christian Poltera, Quatuor Eb\u00e8ne, il Quartetto Modigliani.<\/p><p>Come solista, Lise ha suonato con tutte le orchestre della BBC, tra cui per il suo debutto ai BBC Proms nel 2014 con la BBC Symphony Orchestra e Andrew Litton. Altri impegni da solista includono la Iceland Orchestra Sinfonica d'Islanda, Orchestre National de Belgique, D\u00fcsseldorfer Symphoniker, Orchestre National di Lione, les Musiciens du Louvre, l'Orchestra Filarmonica di Breslavia, l'Orchestra Filarmonica di San Paolo, l'Orchestre de Chambre de Wallonie, Hong-Kong Sinfonietta, e varie orchestre in Francia, con direttori come Sakari Oramo, Fabien Gabel, Emmanuel Krivine, Andrew Litton, Fran\u00e7ois Leleux, Paul Mc Creesh, Marc Minkowski e Leonard Slatkin, il quale ha invitato Lise a eseguire e registrare Harold in Italia con l'Orchestre National di Lione nell'ambito della registrazione dell'integrale di Berlioz dell'orchestra per Naxos.<br \/>Tra il 2013 e il 2015 Lise ha fatto parte del prestigioso BBC Radio 3's New Generation Artists che le ha permesso di esibirsi con tutte le orchestre della BBC e di registrare una grande quantit\u00e0 di repertorio sia dal vivo che in studio.<\/p><p>Dopo aver preso parte alla fortunata registrazione di Schumann e Faur\u00e9 di Eric Le Sage, nel 2013 ha registrato il suo primo album da solista nel 2013 con il pianista Adam Laloum per l'etichetta francese Apart\u00e9.<br \/>Il disco include musiche di Brahms, Schuman e Schubert ed \u00e8 stato unanimemente apprezzato e vincendo diversi premi in Francia.<\/p><p>La sua passione per la musica contemporanea l'ha portata a collaborare con diversi compositori quali Philippe Hersant, Thierry Escaich, Henri Dutilleux, Gyorgy Kurtag, Guillaume Connesson e Florentine Mulsant.<\/p><p>Lise Berthaud suona una viola Antonio Casini del 1660, per gentile concessione di Bernard Magrez.<\/p>\t\t\t\t\t\t\t\t<\/div>\n\t\t\t\t<\/div>\n\t\t\t\t\t<\/div>\n\t\t\t\t<\/div>\n\t\t\t\t<\/div>","protected":false},"excerpt":{"rendered":"<p>Lise Berthaud Lise Berthaud is unanimously praised as an outstanding figure on the international music scene. She has performed in various prestigious concert venues throughout the world (Th\u00e9\u00e2tre des Champs-Elys\u00e9es, [&hellip;]<\/p>\n","protected":false},"author":1,"featured_media":0,"parent":366,"menu_order":0,"comment_status":"closed","ping_status":"closed","template":"","meta":{"_price":"","_stock":"","_tribe_ticket_header":"","_tribe_default_ticket_provider":"","_tribe_ticket_capacity":"0","_ticket_start_date":"","_ticket_end_date":"","_tribe_ticket_show_description":"","_tribe_ticket_show_not_going":false,"_tribe_ticket_use_global_stock":"","_tribe_ticket_global_stock_level":"","_global_stock_mode":"","_global_stock_cap":"","_tribe_rsvp_for_event":"","_tribe_ticket_going_count":"","_tribe_ticket_not_going_count":"","_tribe_tickets_list":"[]","_tribe_ticket_has_attendee_info_fields":false,"footnotes":"","_tec_slr_enabled":"","_tec_slr_layout":""},"class_list":["post-1422","page","type-page","status-publish","hentry"],"yoast_head":"<!-- This site is optimized with the Yoast SEO plugin v27.5 - https:\/\/yoast.com\/product\/yoast-seo-wordpress\/ -->\n<title>Lise Berthaud - Incontri in Terra Di Siena<\/title>\n<meta name=\"robots\" content=\"index, follow, max-snippet:-1, max-image-preview:large, max-video-preview:-1\" \/>\n<link rel=\"canonical\" href=\"https:\/\/www.itslafoce.org\/it\/artists\/lise-berthaud\/\" \/>\n<meta property=\"og:locale\" content=\"it_IT\" \/>\n<meta property=\"og:type\" content=\"article\" \/>\n<meta property=\"og:title\" content=\"Lise Berthaud - Incontri in Terra Di Siena\" \/>\n<meta property=\"og:description\" content=\"Lise Berthaud Lise Berthaud is unanimously praised as an outstanding figure on the international music scene. She has performed in various prestigious concert venues throughout the world (Th\u00e9\u00e2tre des Champs-Elys\u00e9es, [&hellip;]\" \/>\n<meta property=\"og:url\" content=\"https:\/\/www.itslafoce.org\/it\/artists\/lise-berthaud\/\" \/>\n<meta property=\"og:site_name\" content=\"Incontri in Terra Di Siena\" \/>\n<meta property=\"article:modified_time\" content=\"2025-05-21T13:18:30+00:00\" \/>\n<meta property=\"og:image\" content=\"https:\/\/www.itslafoce.org\/wp-content\/uploads\/2025\/01\/Lise-Berthaud_square.webp\" \/>\n\t<meta property=\"og:image:width\" content=\"600\" \/>\n\t<meta property=\"og:image:height\" content=\"600\" \/>\n\t<meta property=\"og:image:type\" content=\"image\/webp\" \/>\n<meta name=\"twitter:card\" content=\"summary_large_image\" \/>\n<meta name=\"twitter:label1\" content=\"Tempo di lettura stimato\" \/>\n\t<meta name=\"twitter:data1\" content=\"2 minuti\" \/>\n<script type=\"application\/ld+json\" class=\"yoast-schema-graph\">{\"@context\":\"https:\\\/\\\/schema.org\",\"@graph\":[{\"@type\":\"WebPage\",\"@id\":\"https:\\\/\\\/www.itslafoce.org\\\/artists\\\/lise-berthaud\\\/\",\"url\":\"https:\\\/\\\/www.itslafoce.org\\\/artists\\\/lise-berthaud\\\/\",\"name\":\"Lise Berthaud - Incontri in Terra Di Siena\",\"isPartOf\":{\"@id\":\"https:\\\/\\\/lppempdq.elementor.cloud\\\/#website\"},\"primaryImageOfPage\":{\"@id\":\"https:\\\/\\\/www.itslafoce.org\\\/artists\\\/lise-berthaud\\\/#primaryimage\"},\"image\":{\"@id\":\"https:\\\/\\\/www.itslafoce.org\\\/artists\\\/lise-berthaud\\\/#primaryimage\"},\"thumbnailUrl\":\"https:\\\/\\\/www.itslafoce.org\\\/wp-content\\\/uploads\\\/2025\\\/01\\\/Lise-Berthaud_square.webp\",\"datePublished\":\"2025-05-21T13:15:58+00:00\",\"dateModified\":\"2025-05-21T13:18:30+00:00\",\"breadcrumb\":{\"@id\":\"https:\\\/\\\/www.itslafoce.org\\\/artists\\\/lise-berthaud\\\/#breadcrumb\"},\"inLanguage\":\"it-IT\",\"potentialAction\":[{\"@type\":\"ReadAction\",\"target\":[\"https:\\\/\\\/www.itslafoce.org\\\/artists\\\/lise-berthaud\\\/\"]}]},{\"@type\":\"ImageObject\",\"inLanguage\":\"it-IT\",\"@id\":\"https:\\\/\\\/www.itslafoce.org\\\/artists\\\/lise-berthaud\\\/#primaryimage\",\"url\":\"https:\\\/\\\/www.itslafoce.org\\\/wp-content\\\/uploads\\\/2025\\\/01\\\/Lise-Berthaud_square.webp\",\"contentUrl\":\"https:\\\/\\\/www.itslafoce.org\\\/wp-content\\\/uploads\\\/2025\\\/01\\\/Lise-Berthaud_square.webp\"},{\"@type\":\"BreadcrumbList\",\"@id\":\"https:\\\/\\\/www.itslafoce.org\\\/artists\\\/lise-berthaud\\\/#breadcrumb\",\"itemListElement\":[{\"@type\":\"ListItem\",\"position\":1,\"name\":\"Home\",\"item\":\"https:\\\/\\\/www.itslafoce.org\\\/\"},{\"@type\":\"ListItem\",\"position\":2,\"name\":\"Artists\",\"item\":\"https:\\\/\\\/www.itslafoce.org\\\/artists\\\/\"},{\"@type\":\"ListItem\",\"position\":3,\"name\":\"Lise Berthaud\"}]},{\"@type\":\"WebSite\",\"@id\":\"https:\\\/\\\/lppempdq.elementor.cloud\\\/#website\",\"url\":\"https:\\\/\\\/lppempdq.elementor.cloud\\\/\",\"name\":\"Incontri in Terra Di Siena\",\"description\":\"Tuscany Classical Music Festival\",\"publisher\":{\"@id\":\"https:\\\/\\\/lppempdq.elementor.cloud\\\/#organization\"},\"potentialAction\":[{\"@type\":\"SearchAction\",\"target\":{\"@type\":\"EntryPoint\",\"urlTemplate\":\"https:\\\/\\\/lppempdq.elementor.cloud\\\/?s={search_term_string}\"},\"query-input\":{\"@type\":\"PropertyValueSpecification\",\"valueRequired\":true,\"valueName\":\"search_term_string\"}}],\"inLanguage\":\"it-IT\"},{\"@type\":\"Organization\",\"@id\":\"https:\\\/\\\/lppempdq.elementor.cloud\\\/#organization\",\"name\":\"Incontri in Terra Di Siena\",\"url\":\"https:\\\/\\\/lppempdq.elementor.cloud\\\/\",\"logo\":{\"@type\":\"ImageObject\",\"inLanguage\":\"it-IT\",\"@id\":\"https:\\\/\\\/lppempdq.elementor.cloud\\\/#\\\/schema\\\/logo\\\/image\\\/\",\"url\":\"https:\\\/\\\/www.itslafoce.org\\\/wp-content\\\/uploads\\\/2025\\\/01\\\/37ITS_WEB.png\",\"contentUrl\":\"https:\\\/\\\/www.itslafoce.org\\\/wp-content\\\/uploads\\\/2025\\\/01\\\/37ITS_WEB.png\",\"width\":800,\"height\":456,\"caption\":\"Incontri in Terra Di Siena\"},\"image\":{\"@id\":\"https:\\\/\\\/lppempdq.elementor.cloud\\\/#\\\/schema\\\/logo\\\/image\\\/\"}}]}<\/script>\n<!-- \/ Yoast SEO plugin. -->","yoast_head_json":{"title":"Lise Berthaud - Incontri in Terra Di Siena","robots":{"index":"index","follow":"follow","max-snippet":"max-snippet:-1","max-image-preview":"max-image-preview:large","max-video-preview":"max-video-preview:-1"},"canonical":"https:\/\/www.itslafoce.org\/it\/artists\/lise-berthaud\/","og_locale":"it_IT","og_type":"article","og_title":"Lise Berthaud - Incontri in Terra Di Siena","og_description":"Lise Berthaud Lise Berthaud is unanimously praised as an outstanding figure on the international music scene. She has performed in various prestigious concert venues throughout the world (Th\u00e9\u00e2tre des Champs-Elys\u00e9es, [&hellip;]","og_url":"https:\/\/www.itslafoce.org\/it\/artists\/lise-berthaud\/","og_site_name":"Incontri in Terra Di Siena","article_modified_time":"2025-05-21T13:18:30+00:00","og_image":[{"width":600,"height":600,"url":"https:\/\/www.itslafoce.org\/wp-content\/uploads\/2025\/01\/Lise-Berthaud_square.webp","type":"image\/webp"}],"twitter_card":"summary_large_image","twitter_misc":{"Tempo di lettura stimato":"2 minuti"},"schema":{"@context":"https:\/\/schema.org","@graph":[{"@type":"WebPage","@id":"https:\/\/www.itslafoce.org\/artists\/lise-berthaud\/","url":"https:\/\/www.itslafoce.org\/artists\/lise-berthaud\/","name":"Lise Berthaud - Incontri in Terra Di Siena","isPartOf":{"@id":"https:\/\/lppempdq.elementor.cloud\/#website"},"primaryImageOfPage":{"@id":"https:\/\/www.itslafoce.org\/artists\/lise-berthaud\/#primaryimage"},"image":{"@id":"https:\/\/www.itslafoce.org\/artists\/lise-berthaud\/#primaryimage"},"thumbnailUrl":"https:\/\/www.itslafoce.org\/wp-content\/uploads\/2025\/01\/Lise-Berthaud_square.webp","datePublished":"2025-05-21T13:15:58+00:00","dateModified":"2025-05-21T13:18:30+00:00","breadcrumb":{"@id":"https:\/\/www.itslafoce.org\/artists\/lise-berthaud\/#breadcrumb"},"inLanguage":"it-IT","potentialAction":[{"@type":"ReadAction","target":["https:\/\/www.itslafoce.org\/artists\/lise-berthaud\/"]}]},{"@type":"ImageObject","inLanguage":"it-IT","@id":"https:\/\/www.itslafoce.org\/artists\/lise-berthaud\/#primaryimage","url":"https:\/\/www.itslafoce.org\/wp-content\/uploads\/2025\/01\/Lise-Berthaud_square.webp","contentUrl":"https:\/\/www.itslafoce.org\/wp-content\/uploads\/2025\/01\/Lise-Berthaud_square.webp"},{"@type":"BreadcrumbList","@id":"https:\/\/www.itslafoce.org\/artists\/lise-berthaud\/#breadcrumb","itemListElement":[{"@type":"ListItem","position":1,"name":"Home","item":"https:\/\/www.itslafoce.org\/"},{"@type":"ListItem","position":2,"name":"Artists","item":"https:\/\/www.itslafoce.org\/artists\/"},{"@type":"ListItem","position":3,"name":"Lise Berthaud"}]},{"@type":"WebSite","@id":"https:\/\/lppempdq.elementor.cloud\/#website","url":"https:\/\/lppempdq.elementor.cloud\/","name":"Incontri in Terra Di Siena","description":"Tuscany Classical Music Festival","publisher":{"@id":"https:\/\/lppempdq.elementor.cloud\/#organization"},"potentialAction":[{"@type":"SearchAction","target":{"@type":"EntryPoint","urlTemplate":"https:\/\/lppempdq.elementor.cloud\/?s={search_term_string}"},"query-input":{"@type":"PropertyValueSpecification","valueRequired":true,"valueName":"search_term_string"}}],"inLanguage":"it-IT"},{"@type":"Organization","@id":"https:\/\/lppempdq.elementor.cloud\/#organization","name":"Incontri in Terra Di Siena","url":"https:\/\/lppempdq.elementor.cloud\/","logo":{"@type":"ImageObject","inLanguage":"it-IT","@id":"https:\/\/lppempdq.elementor.cloud\/#\/schema\/logo\/image\/","url":"https:\/\/www.itslafoce.org\/wp-content\/uploads\/2025\/01\/37ITS_WEB.png","contentUrl":"https:\/\/www.itslafoce.org\/wp-content\/uploads\/2025\/01\/37ITS_WEB.png","width":800,"height":456,"caption":"Incontri in Terra Di Siena"},"image":{"@id":"https:\/\/lppempdq.elementor.cloud\/#\/schema\/logo\/image\/"}}]}},"ticketed":false,"_links":{"self":[{"href":"https:\/\/www.itslafoce.org\/it\/wp-json\/wp\/v2\/pages\/1422","targetHints":{"allow":["GET"]}}],"collection":[{"href":"https:\/\/www.itslafoce.org\/it\/wp-json\/wp\/v2\/pages"}],"about":[{"href":"https:\/\/www.itslafoce.org\/it\/wp-json\/wp\/v2\/types\/page"}],"author":[{"embeddable":true,"href":"https:\/\/www.itslafoce.org\/it\/wp-json\/wp\/v2\/users\/1"}],"replies":[{"embeddable":true,"href":"https:\/\/www.itslafoce.org\/it\/wp-json\/wp\/v2\/comments?post=1422"}],"version-history":[{"count":5,"href":"https:\/\/www.itslafoce.org\/it\/wp-json\/wp\/v2\/pages\/1422\/revisions"}],"predecessor-version":[{"id":1427,"href":"https:\/\/www.itslafoce.org\/it\/wp-json\/wp\/v2\/pages\/1422\/revisions\/1427"}],"up":[{"embeddable":true,"href":"https:\/\/www.itslafoce.org\/it\/wp-json\/wp\/v2\/pages\/366"}],"wp:attachment":[{"href":"https:\/\/www.itslafoce.org\/it\/wp-json\/wp\/v2\/media?parent=1422"}],"curies":[{"name":"wp","href":"https:\/\/api.w.org\/{rel}","templated":true}]}}